{"id":20214,"date":"2026-01-26T23:29:48","date_gmt":"2026-01-26T22:29:48","guid":{"rendered":"https:\/\/vcl.fr\/?post_type=tribe_events&#038;p=20214"},"modified":"2026-04-27T17:53:44","modified_gmt":"2026-04-27T15:53:44","slug":"les-cyclades-en-arriere-saison","status":"publish","type":"tribe_events","link":"https:\/\/vcl.fr\/index.php\/activite\/les-cyclades-en-arriere-saison\/","title":{"rendered":"Les Cyclades en arri\u00e8re saison"},"content":{"rendered":"\n<div class=\"wp-block-columns is-layout-flex wp-container-core-columns-is-layout-9d6595d7 wp-block-columns-is-layout-flex\">\n<div class=\"wp-block-column is-layout-flow wp-block-column-is-layout-flow\" style=\"flex-basis:33.33%\"><div  class=\"tribe-events-schedule tribe-clearfix\" >\n\t<p class=\"tribe-events-schedule__datetime\">\n\t\t<span class=\"tribe-events-schedule__date tribe-events-schedule__date--start\">\n\t\t\t19 septembre\t\t<\/span>\n\n\t\t\t\t\t<span class=\"tribe-events-schedule__separator tribe-events-schedule__separator--date\">\n\t\t\t\t @ \t\t\t<\/span>\n\t\t\t<span class=\"tribe-events-schedule__time tribe-events-schedule__time--start\">\n\t\t\t\t9h00\t\t\t<\/span>\n\t\t\n\t\t\t\t\t\t\t\t\t<span class=\"tribe-events-schedule__separator tribe-events-schedule__separator--time\">\n\t\t\t\t\t &#8211; \t\t\t\t<\/span>\n\t\t\t\n\t\t\t\t\t\t\t<span class=\"tribe-events-schedule__date tribe-events-schedule__date--end\">\n\t\t\t\t\t26 septembre\t\t\t\t<\/span>\n\n\t\t\t\t\t\t\t\t\t<span class=\"tribe-events-schedule__separator tribe-events-schedule__separator--date\">\n\t\t\t\t\t\t @ \t\t\t\t\t<\/span>\n\t\t\t\t\t<span class=\"tribe-events-schedule__time tribe-events-schedule__time--end\">\n\t\t\t\t\t\t15h00\t\t\t\t\t<\/span>\n\t\t\t\t\n\t\t\t\n\t\t\t\t\t\t<\/p>\n<\/div>\n\n\n\n<p><img decoding=\"async\" width=\"20\" height=\"20\" class=\"wp-image-18042\" style=\"width: 20px;\" src=\"https:\/\/vcl.fr\/wp-content\/uploads\/2024\/02\/image.png\" alt=\"\"> Lavrion, a\u00e9roport d&rsquo;Ath\u00e8nes, Gr\u00e8ce<\/p>\n\n\n\n<p><img decoding=\"async\" width=\"20\" height=\"20\" class=\"wp-image-18043\" style=\"width: 20px;\" src=\"https:\/\/vcl.fr\/wp-content\/uploads\/2024\/02\/image-1.png\" alt=\"\"> Oceanis 38.1 ou Sun Odyssey 410<\/p>\n\n\n\n<p><img decoding=\"async\" width=\"20\" height=\"20\" class=\"wp-image-18048\" style=\"width: 20px;\" src=\"https:\/\/vcl.fr\/wp-content\/uploads\/2024\/02\/Icone-Budget.png\" alt=\"\"> 550 \u00e0 630\u20ac\/pers.<br><em>Alimentation et trajet non compris<\/em><\/p>\n\n\n\n<p><img loading=\"lazy\" decoding=\"async\" width=\"20\" height=\"20\" class=\"wp-image-18047\" style=\"width: 20px;\" src=\"https:\/\/vcl.fr\/wp-content\/uploads\/2024\/02\/Icone-Reservation.png\" alt=\"\"> 260 \u20ac d&rsquo;acompte par personne<\/p>\n<\/div>\n\n\n\n<div class=\"wp-block-column is-layout-flow wp-block-column-is-layout-flow\" style=\"flex-basis:66.66%\">\n<div class=\"wp-block-group\"><div class=\"wp-block-group__inner-container is-layout-flow wp-block-group-is-layout-flow\"><figure class=\"wp-block-post-featured-image\"><img loading=\"lazy\" decoding=\"async\" width=\"1000\" height=\"579\" src=\"https:\/\/vcl.fr\/wp-content\/uploads\/2026\/01\/Cyclades.jpeg\" class=\"attachment-post-thumbnail size-post-thumbnail wp-post-image\" alt=\"\" style=\"object-fit:cover;\" srcset=\"https:\/\/vcl.fr\/wp-content\/uploads\/2026\/01\/Cyclades.jpeg 1000w, https:\/\/vcl.fr\/wp-content\/uploads\/2026\/01\/Cyclades-300x174.jpeg 300w, https:\/\/vcl.fr\/wp-content\/uploads\/2026\/01\/Cyclades-768x445.jpeg 768w\" sizes=\"(max-width: 709px) 85vw, (max-width: 909px) 67vw, (max-width: 984px) 60vw, (max-width: 1362px) 62vw, 840px\" \/><\/figure><\/div><\/div>\n<\/div>\n<\/div>\n\n\n\n<p>Profitez de la douceur de la fin de saison pour d\u00e9couvrir l&rsquo;ouest de l&rsquo;archipel des Cyclades loin du tumulte de Mykonos ou Santorin. Eau claire, vent soutenu, soleil garanti et tout le charme d&rsquo;\u00eeles grecques moins fr\u00e9quent\u00e9es : Kea, Kithnos, Serifos, Tynos &#8230;<\/p>\n\n\n\n<div class=\"wp-block-columns are-vertically-aligned-center is-layout-flex wp-container-core-columns-is-layout-9d6595d7 wp-block-columns-is-layout-flex\">\n<div class=\"wp-block-column is-vertically-aligned-center is-layout-flow wp-block-column-is-layout-flow\" style=\"flex-basis:33.33%\">\n<h2 class=\"wp-block-heading\">Acompte<\/h2>\n\n\n<div  class=\"tribe-block tribe-block__event-price\" >\n\t\t\t<span class=\"tribe-block__event-price__cost\"> 260\u20ac <\/span>\n\t\t<\/div>\n<\/div>\n\n\n\n<div class=\"wp-block-column is-vertically-aligned-center is-layout-flow wp-block-column-is-layout-flow\" style=\"flex-basis:66.66%\">\n<p><strong>Int\u00e9ress\u00e9.e ? Plus d\u2019infos ?<\/strong><br>Contacte Thierry \u00e0&nbsp;<a href=\"mailto:contact@vcl.fr?subject=VCL%20-%20Contact%20croisi%C3%A8re\" target=\"_blank\" rel=\"noreferrer noopener\">croisiere@vcl.fr<\/a><\/p>\n<\/div>\n<\/div>\n\n\n\n<div class=\"wp-block-columns is-layout-flex wp-container-core-columns-is-layout-9d6595d7 wp-block-columns-is-layout-flex\">\n<div class=\"wp-block-column is-layout-flow wp-block-column-is-layout-flow\" style=\"flex-basis:33.33%\">\n<\/div>\n\n\n\n<div class=\"wp-block-column is-layout-flow wp-block-column-is-layout-flow\" style=\"flex-basis:66.66%\"><div  class=\"tribe-block tribe-block__venue tribe-clearfix\" >\n\t\n\t\n<div class=\"tribe-block__venue__meta\">\n\t<div class=\"tribe-block__venue__name\">\n\t\t<h3><a href=\"https:\/\/vcl.fr\/index.php\/lieu\/laviron\/\" title=\"Laviron\">Laviron<\/a><\/h3>\n\t<\/div>\n\n\t\n\t\t\t\t\t\t<address class=\"tribe-block__venue__address\">\n\t\t\t\t<span class=\"tribe-address\">\n\n<span class=\"tribe-street-address\">\u039b\u0399\u039c\u0391\u039d\u0399 \u039b\u0391\u03a5\u03a1\u0399\u039f\u03a5<\/span>\n\t\n\t\t<br>\n\t\t<span class=\"tribe-locality\">Laviro<\/span><span class=\"tribe-delimiter\">,<\/span>\n\n\n\t<span class=\"tribe-postal-code\">195 000<\/span>\n\n\t<span class=\"tribe-country-name\">Greece<\/span>\n\n<\/span>\n\n\t\t\t\t\t\t\t<\/address>\n\t\t\n\t\t\n\t\t\t\n\t<\/div>\n\t\n\t<\/div>\n<\/div>\n<\/div>\n\n\n\t<div  class=\"tribe-block tribe-block__events-link\" >\n\t\t<div class=\"tribe-events tribe-common\">\n\t\t\t<div class=\"tribe-events-c-subscribe-dropdown__container\">\n\t\t\t\t<div class=\"tribe-events-c-subscribe-dropdown\">\n\t\t\t\t\t<div class=\"tribe-common-c-btn-border tribe-events-c-subscribe-dropdown__button\">\n\t\t\t\t\t\t<svg\n\t class=\"tribe-common-c-svgicon tribe-common-c-svgicon--cal-export tribe-events-c-subscribe-dropdown__export-icon\" \taria-hidden=\"true\"\n\tviewBox=\"0 0 23 17\"\n\txmlns=\"http:\/\/www.w3.org\/2000\/svg\"\n>\n\t<path fill-rule=\"evenodd\" clip-rule=\"evenodd\" d=\"M.128.896V16.13c0 .211.145.383.323.383h15.354c.179 0 .323-.172.323-.383V.896c0-.212-.144-.383-.323-.383H.451C.273.513.128.684.128.896Zm16 6.742h-.901V4.679H1.009v10.729h14.218v-3.336h.901V7.638ZM1.01 1.614h14.218v2.058H1.009V1.614Z\" \/>\n\t<path d=\"M20.5 9.846H8.312M18.524 6.953l2.89 2.909-2.855 2.855\" stroke-width=\"1.2\" stroke-linecap=\"round\" stroke-linejoin=\"round\"\/>\n<\/svg>\n\t\t\t\t\t\t<button\n\t\t\t\t\t\t\tclass=\"tribe-events-c-subscribe-dropdown__button-text\"\n\t\t\t\t\t\t\taria-expanded=\"false\"\n\t\t\t\t\t\t\taria-controls=\"tribe-events-subscribe-dropdown-content\"\n\t\t\t\t\t\t\taria-label=\"Afficher les liens permettant d\u2019ajouter des \u00e9v\u00e8nements \u00e0 votre calendrier\"\n\t\t\t\t\t\t>\n\t\t\t\t\t\t\tAjouter au calendrier\t\t\t\t\t\t<\/button>\n\t\t\t\t\t\t<svg\n\t class=\"tribe-common-c-svgicon tribe-common-c-svgicon--caret-down tribe-events-c-subscribe-dropdown__button-icon\" \taria-hidden=\"true\"\n\tviewBox=\"0 0 10 7\"\n\txmlns=\"http:\/\/www.w3.org\/2000\/svg\"\n>\n\t<path fill-rule=\"evenodd\" clip-rule=\"evenodd\" d=\"M1.008.609L5 4.6 8.992.61l.958.958L5 6.517.05 1.566l.958-.958z\" class=\"tribe-common-c-svgicon__svg-fill\"\/>\n<\/svg>\n\t\t\t\t\t<\/div>\n\t\t\t\t\t<div id=\"tribe-events-subscribe-dropdown-content\" class=\"tribe-events-c-subscribe-dropdown__content\">\n\t\t\t\t\t\t<ul class=\"tribe-events-c-subscribe-dropdown__list\">\n\t\t\t\t\t\t\t\t\t\t\t\t\t\t\t<li class=\"tribe-events-c-subscribe-dropdown__list-item tribe-events-c-subscribe-dropdown__list-item--gcal\">\n\t\t\t\t\t\t\t\t\t<a\n\t\t\t\t\t\t\t\t\t\thref=\"https:\/\/www.google.com\/calendar\/event?action=TEMPLATE&#038;dates=20260919T090000\/20260926T150000&#038;text=Les%20Cyclades%20en%20arri%C3%A8re%20saison&#038;details=%3Cdiv+class%3D%22wp-block-columns%22%3E%3Cdiv+class%3D%22wp-block-column%22+style%3D%22flex-basis%3A33.33%25%22%3E%3Cp%3E%3Cimg+class%3D%22wp-image-18042%22+style%3D%22width%3A+20px%3B%22+src%3D%22https%3A%2F%2Fvcl.fr%2Fwp-content%2Fuploads%2F2024%2F02%2Fimage.png%22+alt%3D%22%22%2F%3E+Lavrion%2C+a%C3%A9roport+d%27Ath%C3%A8nes%2C+Gr%C3%A8ce%3C%2Fp%3E+%3Cp%3E%3Cimg+class%3D%22wp-image-18043%22+style%3D%22width%3A+20px%3B%22+src%3D%22https%3A%2F%2Fvcl.fr%2Fwp-content%2Fuploads%2F2024%2F02%2Fimage-1.png%22+alt%3D%22%22%2F%3E+Oceanis+38.1+ou+Sun+Odyssey+410%3C%2Fp%3E+%3Cp%3E%3Cimg+class%3D%22wp-image-18048%22+style%3D%22width%3A+20px%3B%22+src%3D%22https%3A%2F%2Fvcl.fr%2Fwp-content%2Fuploads%2F2024%2F02%2FIcone-Budget.png%22+alt%3D%22%22%2F%3E+550+%C3%A0+630%E2%82%AC%2Fpers.%3Cbr+%2F%3E%3Cem%3EAlimentation+et+trajet+non+compris%3C%2Fem%3E%3C%2Fp%3E+%3Cp%3E%3Cimg+class%3D%22wp-image-18047%22+style%3D%22width%3A+20px%3B%22+src%3D%22https%3A%2F%2Fvcl.fr%2Fwp-content%2Fuploads%2F2024%2F02%2FIcone-Reservation.png%22+alt%3D%22%22%2F%3E+260+%E2%82%AC+d%27acompte+par+personne%3C%2Fp%3E+%3C%2Fdiv%3E%3Cdiv+class%3D%22wp-block-column%22+style%3D%22flex-basis%3A66.66%25%22%3E%3Cdiv+class%3D%22wp-block-group%22%3E%3C%2Fdiv%3E%3C%2Fdiv%3E%3C%2Fdiv%3E%3Cp%3EProfitez+de+la+douceur+de+la+fin+de+saison+pour+d%C3%A9couvrir+l%27ouest+de+l%27archipel+des+Cyclades+l%3C%2Fp%3E%28Voir+toute+la+description+de+%C3%A9v%C3%A8nement+ici%C2%A0%3A+https%3A%2F%2Fvcl.fr%2Findex.php%2Factivite%2Fles-cyclades-en-arriere-saison%2F%29&#038;location=Laviron,%20\u039b\u0399\u039c\u0391\u039d\u0399%20\u039b\u0391\u03a5\u03a1\u0399\u039f\u03a5,%20Laviro,%20195%20000,%20Greece&#038;trp=false&#038;ctz=Europe\/Paris&#038;sprop=website:https:\/\/vcl.fr\"\n\t\t\t\t\t\t\t\t\t\tclass=\"tribe-events-c-subscribe-dropdown__list-item-link\"\n\t\t\t\t\t\t\t\t\t\ttarget=\"_blank\"\n\t\t\t\t\t\t\t\t\t\trel=\"noopener noreferrer nofollow noindex\"\n\t\t\t\t\t\t\t\t\t>\n\t\t\t\t\t\t\t\t\t\tGoogle Agenda\t\t\t\t\t\t\t\t\t<\/a>\n\t\t\t\t\t\t\t\t<\/li>\n\t\t\t\t\t\t\t\t\t\t\t\t\t\t\t<li class=\"tribe-events-c-subscribe-dropdown__list-item tribe-events-c-subscribe-dropdown__list-item--ical\">\n\t\t\t\t\t\t\t\t\t<a\n\t\t\t\t\t\t\t\t\t\thref=\"\"\n\t\t\t\t\t\t\t\t\t\tclass=\"tribe-events-c-subscribe-dropdown__list-item-link\"\n\t\t\t\t\t\t\t\t\t\ttarget=\"_blank\"\n\t\t\t\t\t\t\t\t\t\trel=\"noopener noreferrer nofollow noindex\"\n\t\t\t\t\t\t\t\t\t>\n\t\t\t\t\t\t\t\t\t\tiCalendar\t\t\t\t\t\t\t\t\t<\/a>\n\t\t\t\t\t\t\t\t<\/li>\n\t\t\t\t\t\t\t\t\t\t\t\t\t\t\t<li class=\"tribe-events-c-subscribe-dropdown__list-item tribe-events-c-subscribe-dropdown__list-item--outlook-365\">\n\t\t\t\t\t\t\t\t\t<a\n\t\t\t\t\t\t\t\t\t\thref=\"\"\n\t\t\t\t\t\t\t\t\t\tclass=\"tribe-events-c-subscribe-dropdown__list-item-link\"\n\t\t\t\t\t\t\t\t\t\ttarget=\"_blank\"\n\t\t\t\t\t\t\t\t\t\trel=\"noopener noreferrer nofollow noindex\"\n\t\t\t\t\t\t\t\t\t>\n\t\t\t\t\t\t\t\t\t\tOutlook 365\t\t\t\t\t\t\t\t\t<\/a>\n\t\t\t\t\t\t\t\t<\/li>\n\t\t\t\t\t\t\t\t\t\t\t\t\t\t\t<li class=\"tribe-events-c-subscribe-dropdown__list-item tribe-events-c-subscribe-dropdown__list-item--outlook-live\">\n\t\t\t\t\t\t\t\t\t<a\n\t\t\t\t\t\t\t\t\t\thref=\"\"\n\t\t\t\t\t\t\t\t\t\tclass=\"tribe-events-c-subscribe-dropdown__list-item-link\"\n\t\t\t\t\t\t\t\t\t\ttarget=\"_blank\"\n\t\t\t\t\t\t\t\t\t\trel=\"noopener noreferrer nofollow noindex\"\n\t\t\t\t\t\t\t\t\t>\n\t\t\t\t\t\t\t\t\t\tOutlook Live\t\t\t\t\t\t\t\t\t<\/a>\n\t\t\t\t\t\t\t\t<\/li>\n\t\t\t\t\t\t\t\t\t\t\t\t\t<\/ul>\n\t\t\t\t\t<\/div>\n\t\t\t\t<\/div>\n\t\t\t<\/div>\n\t\t<\/div>\n\t<\/div>\n\n\n\n<h2 class=\"tribe-block__related-events__title\">\u00c9v\u00e9nements li\u00e9s<\/h2>\n\n<ul  class=\"tribe-related-events tribe-clearfix\" >\n\t\t\t<li>\n\t\n<div class=\"tribe-related-events-thumbnail\">\n\t<a href=\"https:\/\/vcl.fr\/index.php\/activite\/les-iles-egades\/\" class=\"url\" rel=\"bookmark\" tabindex=\"-1\" aria-hidden=\"true\"><img loading=\"lazy\" decoding=\"async\" width=\"736\" height=\"682\" src=\"https:\/\/vcl.fr\/wp-content\/uploads\/2026\/01\/Egades.jpg\" class=\"attachment-large size-large wp-post-image\" alt=\"\" \/><\/a>\n<\/div>\n\t<div class=\"tribe-related-event-info\">\n\t<h3 class=\"tribe-related-events-title\">\n\t\t<a href=\"https:\/\/vcl.fr\/index.php\/activite\/les-iles-egades\/\" class=\"tribe-event-url\" rel=\"bookmark\">\n\t\t\tLes \u00eeles Egades\t\t<\/a>\n\t<\/h3>\n\t<span class=\"tribe-event-date-start\">2 mai @ 16h00<\/span> &#8211; <span class=\"tribe-event-date-end\">9 mai @ 9h00<\/span><\/div>\n<\/li>\n\t\t\t<li>\n\t\n<div class=\"tribe-related-events-thumbnail\">\n\t<a href=\"https:\/\/vcl.fr\/index.php\/activite\/entrainement-voile-sportive-comet-21\/\" class=\"url\" rel=\"bookmark\" tabindex=\"-1\" aria-hidden=\"true\"><img loading=\"lazy\" decoding=\"async\" width=\"840\" height=\"558\" src=\"https:\/\/vcl.fr\/wp-content\/uploads\/2026\/02\/COMET-21.jpg\" class=\"attachment-large size-large wp-post-image\" alt=\"\" \/><\/a>\n<\/div>\n\t<div class=\"tribe-related-event-info\">\n\t<h3 class=\"tribe-related-events-title\">\n\t\t<a href=\"https:\/\/vcl.fr\/index.php\/activite\/entrainement-voile-sportive-comet-21\/\" class=\"tribe-event-url\" rel=\"bookmark\">\n\t\t\tEntra\u00eenement voile sportive &#8211; Comet 21\t\t<\/a>\n\t<\/h3>\n\t<span class=\"tribe-event-date-start\">8 mai @ 14h00<\/span> &#8211; <span class=\"tribe-event-date-end\">10 mai @ 13h00<\/span><\/div>\n<\/li>\n\t\t\t<li>\n\t\n<div class=\"tribe-related-events-thumbnail\">\n\t<a href=\"https:\/\/vcl.fr\/index.php\/activite\/les-iles-de-lerins-au-printemps\/\" class=\"url\" rel=\"bookmark\" tabindex=\"-1\" aria-hidden=\"true\"><img loading=\"lazy\" decoding=\"async\" width=\"840\" height=\"630\" src=\"https:\/\/vcl.fr\/wp-content\/uploads\/2026\/01\/Lerins.jpeg\" class=\"attachment-large size-large wp-post-image\" alt=\"\" \/><\/a>\n<\/div>\n\t<div class=\"tribe-related-event-info\">\n\t<h3 class=\"tribe-related-events-title\">\n\t\t<a href=\"https:\/\/vcl.fr\/index.php\/activite\/les-iles-de-lerins-au-printemps\/\" class=\"tribe-event-url\" rel=\"bookmark\">\n\t\t\tLes \u00eeles de L\u00e9rins au printemps\t\t<\/a>\n\t<\/h3>\n\t<span class=\"tribe-event-date-start\">14 mai @ 9h00<\/span> &#8211; <span class=\"tribe-event-date-end\">17 mai @ 17h00<\/span><\/div>\n<\/li>\n\t<\/ul>\n\n\n\n<div class=\"wp-block-columns is-layout-flex wp-container-core-columns-is-layout-9d6595d7 wp-block-columns-is-layout-flex\">\n<div class=\"wp-block-column is-layout-flow wp-block-column-is-layout-flow\" style=\"flex-basis:66.66%\"><\/div>\n<\/div>\n\n\n\n<p><\/p>\n","protected":false},"excerpt":{"rendered":"<p>Lavrion, a\u00e9roport d&rsquo;Ath\u00e8nes, Gr\u00e8ce Oceanis 38.1 ou Sun Odyssey 410 550 \u00e0 630\u20ac\/pers.Alimentation et trajet non compris 260 \u20ac d&rsquo;acompte par personne Profitez de la douceur de la fin de &hellip; <a href=\"https:\/\/vcl.fr\/index.php\/activite\/les-cyclades-en-arriere-saison\/\" class=\"more-link\">Continuer la lecture<span class=\"screen-reader-text\"> de &laquo;&nbsp;Les Cyclades en arri\u00e8re saison&nbsp;&raquo;<\/span><\/a><\/p>\n","protected":false},"author":1,"featured_media":20217,"template":"","meta":{"_tec_requires_first_save":false,"_bbp_topic_count":0,"_bbp_reply_count":0,"_bbp_total_topic_count":0,"_bbp_total_reply_count":0,"_bbp_voice_count":0,"_bbp_anonymous_reply_count":0,"_bbp_topic_count_hidden":0,"_bbp_reply_count_hidden":0,"_bbp_forum_subforum_count":0,"_EventAllDay":false,"_EventTimezone":"Europe\/Paris","_EventStartDate":"2026-09-19 09:00:00","_EventEndDate":"2026-09-26 15:00:00","_EventStartDateUTC":"2026-09-19 07:00:00","_EventEndDateUTC":"2026-09-26 13:00:00","_EventShowMap":false,"_EventShowMapLink":false,"_EventURL":"","_EventCost":"260","_EventCostDescription":"","_EventCurrencySymbol":"\u20ac","_EventCurrencyCode":"EUR","_EventCurrencyPosition":"suffix","_EventDateTimeSeparator":" @ ","_EventTimeRangeSeparator":" - ","_EventOrganizerID":[],"_EventVenueID":[20215],"_OrganizerEmail":"","_OrganizerPhone":"","_OrganizerWebsite":"","_VenueAddress":"","_VenueCity":"","_VenueCountry":"","_VenueProvince":"","_VenueState":"","_VenueZip":"","_VenuePhone":"","_VenueURL":"","_VenueStateProvince":"","_VenueLat":"","_VenueLng":"","_VenueShowMap":false,"_VenueShowMapLink":false,"_tribe_blocks_recurrence_rules":"","_tribe_blocks_recurrence_description":"","_tribe_blocks_recurrence_exclusions":"","_tribe_events_status":"","_tribe_events_status_reason":"","_tribe_events_is_hybrid":"","_tribe_events_is_virtual":"","_tribe_events_virtual_video_source":"","_tribe_events_virtual_embed_video":"","_tribe_events_virtual_linked_button_text":"","_tribe_events_virtual_linked_button":"","_tribe_events_virtual_show_embed_at":"","_tribe_events_virtual_show_embed_to":[],"_tribe_events_virtual_show_on_event":"","_tribe_events_virtual_show_on_views":"","_tribe_events_virtual_url":"","footnotes":""},"tags":[104,20,70],"tribe_events_cat":[103,49,45],"class_list":["post-20214","tribe_events","type-tribe_events","status-publish","has-post-thumbnail","hentry","tag-grece","tag-mediterranee","tag-voile-habitable","tribe_events_cat-grece","tribe_events_cat-mediterranee","tribe_events_cat-habitable","cat_grece","cat_mediterranee","cat_habitable"],"_links":{"self":[{"href":"https:\/\/vcl.fr\/index.php\/wp-json\/wp\/v2\/tribe_events\/20214","targetHints":{"allow":["GET"]}}],"collection":[{"href":"https:\/\/vcl.fr\/index.php\/wp-json\/wp\/v2\/tribe_events"}],"about":[{"href":"https:\/\/vcl.fr\/index.php\/wp-json\/wp\/v2\/types\/tribe_events"}],"author":[{"embeddable":true,"href":"https:\/\/vcl.fr\/index.php\/wp-json\/wp\/v2\/users\/1"}],"version-history":[{"count":4,"href":"https:\/\/vcl.fr\/index.php\/wp-json\/wp\/v2\/tribe_events\/20214\/revisions"}],"predecessor-version":[{"id":20562,"href":"https:\/\/vcl.fr\/index.php\/wp-json\/wp\/v2\/tribe_events\/20214\/revisions\/20562"}],"wp:featuredmedia":[{"embeddable":true,"href":"https:\/\/vcl.fr\/index.php\/wp-json\/wp\/v2\/media\/20217"}],"wp:attachment":[{"href":"https:\/\/vcl.fr\/index.php\/wp-json\/wp\/v2\/media?parent=20214"}],"wp:term":[{"taxonomy":"post_tag","embeddable":true,"href":"https:\/\/vcl.fr\/index.php\/wp-json\/wp\/v2\/tags?post=20214"},{"taxonomy":"tribe_events_cat","embeddable":true,"href":"https:\/\/vcl.fr\/index.php\/wp-json\/wp\/v2\/tribe_events_cat?post=20214"}],"curies":[{"name":"wp","href":"https:\/\/api.w.org\/{rel}","templated":true}]}}