{"id":20226,"date":"2026-01-26T23:53:55","date_gmt":"2026-01-26T22:53:55","guid":{"rendered":"https:\/\/vcl.fr\/?post_type=tribe_events&#038;p=20226"},"modified":"2026-02-13T10:08:40","modified_gmt":"2026-02-13T09:08:40","slug":"les-iles-scilly","status":"publish","type":"tribe_events","link":"https:\/\/vcl.fr\/index.php\/activite\/les-iles-scilly\/","title":{"rendered":"Les \u00eeles Scilly"},"content":{"rendered":"\n<div class=\"wp-block-columns is-layout-flex wp-container-core-columns-is-layout-9d6595d7 wp-block-columns-is-layout-flex\">\n<div class=\"wp-block-column is-layout-flow wp-block-column-is-layout-flow\" style=\"flex-basis:33.33%\"><div  class=\"tribe-events-schedule tribe-clearfix\" >\n\t<p class=\"tribe-events-schedule__datetime\">\n\t\t<span class=\"tribe-events-schedule__date tribe-events-schedule__date--start\">\n\t\t\t27 juin\t\t<\/span>\n\n\t\t\t\t\t<span class=\"tribe-events-schedule__separator tribe-events-schedule__separator--date\">\n\t\t\t\t @ \t\t\t<\/span>\n\t\t\t<span class=\"tribe-events-schedule__time tribe-events-schedule__time--start\">\n\t\t\t\t9h00\t\t\t<\/span>\n\t\t\n\t\t\t\t\t\t\t\t\t<span class=\"tribe-events-schedule__separator tribe-events-schedule__separator--time\">\n\t\t\t\t\t &#8211; \t\t\t\t<\/span>\n\t\t\t\n\t\t\t\t\t\t\t<span class=\"tribe-events-schedule__date tribe-events-schedule__date--end\">\n\t\t\t\t\t10 juillet\t\t\t\t<\/span>\n\n\t\t\t\t\t\t\t\t\t<span class=\"tribe-events-schedule__separator tribe-events-schedule__separator--date\">\n\t\t\t\t\t\t @ \t\t\t\t\t<\/span>\n\t\t\t\t\t<span class=\"tribe-events-schedule__time tribe-events-schedule__time--end\">\n\t\t\t\t\t\t16h00\t\t\t\t\t<\/span>\n\t\t\t\t\n\t\t\t\n\t\t\t\t\t\t<\/p>\n<\/div>\n\n\n\n<p><img decoding=\"async\" width=\"20\" height=\"20\" class=\"wp-image-18042\" style=\"width: 20px;\" src=\"https:\/\/vcl.fr\/wp-content\/uploads\/2024\/02\/image.png\" alt=\"\"> Brest<\/p>\n\n\n\n<p><img decoding=\"async\" width=\"20\" height=\"20\" class=\"wp-image-18043\" style=\"width: 20px;\" src=\"https:\/\/vcl.fr\/wp-content\/uploads\/2024\/02\/image-1.png\" alt=\"\"> Quillard 37 pieds<\/p>\n\n\n\n<p><img decoding=\"async\" width=\"20\" height=\"20\" class=\"wp-image-18048\" style=\"width: 20px;\" src=\"https:\/\/vcl.fr\/wp-content\/uploads\/2024\/02\/Icone-Budget.png\" alt=\"\"> 840-870 \u20ac\/pers.<br><em>Alimentation et trajet non compris<\/em><\/p>\n\n\n\n<p><img loading=\"lazy\" decoding=\"async\" width=\"20\" height=\"20\" class=\"wp-image-18047\" style=\"width: 20px;\" src=\"https:\/\/vcl.fr\/wp-content\/uploads\/2024\/02\/Icone-Reservation.png\" alt=\"\"> 240 \u20ac d&rsquo;acompte par personne<\/p>\n<\/div>\n\n\n\n<div class=\"wp-block-column is-layout-flow wp-block-column-is-layout-flow\" style=\"flex-basis:66.66%\">\n<div class=\"wp-block-group is-nowrap is-layout-flex wp-container-core-group-is-layout-ad2f72ca wp-block-group-is-layout-flex\"><figure class=\"wp-block-post-featured-image\"><img loading=\"lazy\" decoding=\"async\" width=\"393\" height=\"300\" src=\"https:\/\/vcl.fr\/wp-content\/uploads\/2026\/01\/Scilly1.jpeg\" class=\"attachment-post-thumbnail size-post-thumbnail wp-post-image\" alt=\"\" style=\"object-fit:cover;\" srcset=\"https:\/\/vcl.fr\/wp-content\/uploads\/2026\/01\/Scilly1.jpeg 393w, https:\/\/vcl.fr\/wp-content\/uploads\/2026\/01\/Scilly1-300x229.jpeg 300w\" sizes=\"(max-width: 709px) 85vw, (max-width: 909px) 67vw, (max-width: 984px) 60vw, (max-width: 1362px) 62vw, 840px\" \/><\/figure><\/div>\n<\/div>\n<\/div>\n\n\n\n<p>\u00c9vitez les chaleurs accablantes du Sud et profitez de la douceur du Gulf Stream qui baigne les \u00eeles Scilly au large des Cornouailles. La so british St Mary, le jardin tropical de Tresco, la faune de St Agnes, Penzance \u00e0 la pointe des Cornouailles : un vrai d\u00e9paysement. En prime deux navigations de nuit avec travers\u00e9e du rail d&rsquo;Ouessant.<br><\/p>\n\n\n\n<p>Passeport et visa obligatoires<\/p>\n\n\n\n<div class=\"wp-block-columns are-vertically-aligned-center is-layout-flex wp-container-core-columns-is-layout-9d6595d7 wp-block-columns-is-layout-flex\">\n<div class=\"wp-block-column is-vertically-aligned-center is-layout-flow wp-block-column-is-layout-flow\" style=\"flex-basis:33.33%\">\n<h2 class=\"wp-block-heading\">Acompte<\/h2>\n\n\n<div  class=\"tribe-block tribe-block__event-price\" >\n\t\t\t<span class=\"tribe-block__event-price__cost\"> 240\u20ac <\/span>\n\t\t\t\t<span class=\"tribe-block__event-price__description\">acompte<\/span>\n\t<\/div>\n<\/div>\n\n\n\n<div class=\"wp-block-column is-vertically-aligned-center is-layout-flow wp-block-column-is-layout-flow\" style=\"flex-basis:66.66%\">\n<p><strong>Int\u00e9ress\u00e9.e ? Plus d\u2019infos ?<\/strong><br>Contacte Thierry \u00e0&nbsp;<a href=\"mailto:croisiere@vcl.fr\" target=\"_blank\" rel=\"noreferrer noopener\">croisiere@vcl.fr<\/a><\/p>\n<\/div>\n<\/div>\n\n\n\n<div class=\"wp-block-columns is-layout-flex wp-container-core-columns-is-layout-9d6595d7 wp-block-columns-is-layout-flex\">\n<div class=\"wp-block-column is-layout-flow wp-block-column-is-layout-flow\" style=\"flex-basis:33.33%\">\n<\/div>\n\n\n\n<div class=\"wp-block-column is-layout-flow wp-block-column-is-layout-flow\" style=\"flex-basis:66.66%\"><div  class=\"tribe-block tribe-block__venue tribe-clearfix tribe-block__venue--has-map\" >\n\t\n\t\n<div class=\"tribe-block__venue__meta\">\n\t<div class=\"tribe-block__venue__name\">\n\t\t<h3><a href=\"https:\/\/vcl.fr\/index.php\/lieu\/\" title=\"Brest, port du Moulin Blanc\">Brest, port du Moulin Blanc<\/a><\/h3>\n\t<\/div>\n\n\t\n\t\t\t\t\t\t<address class=\"tribe-block__venue__address\">\n\t\t\t\t<span class=\"tribe-address\">\n\n<span class=\"tribe-street-address\">Port de plaisance du Moulin Blanc<\/span>\n\t\n\t\t<br>\n\t\t<span class=\"tribe-locality\">Brest<\/span><span class=\"tribe-delimiter\">,<\/span>\n\n\t<abbr class=\"tribe-region tribe-events-abbr\" title=\"France\">France<\/abbr>\n\n\t<span class=\"tribe-postal-code\">29200<\/span>\n\n\n<\/span>\n\n\t\t\t\t\t\t\t\t\t<a class=\"tribe-events-gmap\" href=\"https:\/\/maps.google.com\/maps?f=q&#038;source=s_q&#038;hl=en&#038;geocode=&#038;q=Port+de+plaisance+du+Moulin+Blanc+Brest+France+29200\" title=\"Cliquez pour voir une carte Google Map\" target=\"_blank\" rel=\"noreferrer noopener\">+ Google Map<\/a>\t\t\t\t\t\t\t<\/address>\n\t\t\n\t\t\n\t\t\t\n\t<\/div>\n\t\n<div class=\"tribe-block__venue__map\">\n\t\n<iframe\n  title=\"L\u2018iframe Google maps affichant l\u2019adresse \u00e0 Brest, port du Moulin Blanc\"\n  aria-label=\"Plan des lieux\"\n  width=\"310px\"\n  height=\"256px\"\n  frameborder=\"0\" style=\"border:0\"\n  src=\"https:\/\/www.google.com\/maps\/embed\/v1\/place?key=AIzaSyDNsicAsP6-VuGtAb1O9riI3oc_NOb7IOU&#038;q=Port+de+plaisance+du+Moulin+Blanc+Brest+France+France+29200+&#038;zoom=7\" allowfullscreen>\n<\/iframe>\n<\/div>\n\n\t<\/div>\n<\/div>\n<\/div>\n\n\n\t<div  class=\"tribe-block tribe-block__events-link\" >\n\t\t<div class=\"tribe-events tribe-common\">\n\t\t\t<div class=\"tribe-events-c-subscribe-dropdown__container\">\n\t\t\t\t<div class=\"tribe-events-c-subscribe-dropdown\">\n\t\t\t\t\t<div class=\"tribe-common-c-btn-border tribe-events-c-subscribe-dropdown__button\">\n\t\t\t\t\t\t<svg\n\t class=\"tribe-common-c-svgicon tribe-common-c-svgicon--cal-export tribe-events-c-subscribe-dropdown__export-icon\" \taria-hidden=\"true\"\n\tviewBox=\"0 0 23 17\"\n\txmlns=\"http:\/\/www.w3.org\/2000\/svg\"\n>\n\t<path fill-rule=\"evenodd\" clip-rule=\"evenodd\" d=\"M.128.896V16.13c0 .211.145.383.323.383h15.354c.179 0 .323-.172.323-.383V.896c0-.212-.144-.383-.323-.383H.451C.273.513.128.684.128.896Zm16 6.742h-.901V4.679H1.009v10.729h14.218v-3.336h.901V7.638ZM1.01 1.614h14.218v2.058H1.009V1.614Z\" \/>\n\t<path d=\"M20.5 9.846H8.312M18.524 6.953l2.89 2.909-2.855 2.855\" stroke-width=\"1.2\" stroke-linecap=\"round\" stroke-linejoin=\"round\"\/>\n<\/svg>\n\t\t\t\t\t\t<button\n\t\t\t\t\t\t\tclass=\"tribe-events-c-subscribe-dropdown__button-text\"\n\t\t\t\t\t\t\taria-expanded=\"false\"\n\t\t\t\t\t\t\taria-controls=\"tribe-events-subscribe-dropdown-content\"\n\t\t\t\t\t\t\taria-label=\"Afficher les liens permettant d\u2019ajouter des \u00e9v\u00e8nements \u00e0 votre calendrier\"\n\t\t\t\t\t\t>\n\t\t\t\t\t\t\tAjouter au calendrier\t\t\t\t\t\t<\/button>\n\t\t\t\t\t\t<svg\n\t class=\"tribe-common-c-svgicon tribe-common-c-svgicon--caret-down tribe-events-c-subscribe-dropdown__button-icon\" \taria-hidden=\"true\"\n\tviewBox=\"0 0 10 7\"\n\txmlns=\"http:\/\/www.w3.org\/2000\/svg\"\n>\n\t<path fill-rule=\"evenodd\" clip-rule=\"evenodd\" d=\"M1.008.609L5 4.6 8.992.61l.958.958L5 6.517.05 1.566l.958-.958z\" class=\"tribe-common-c-svgicon__svg-fill\"\/>\n<\/svg>\n\t\t\t\t\t<\/div>\n\t\t\t\t\t<div id=\"tribe-events-subscribe-dropdown-content\" class=\"tribe-events-c-subscribe-dropdown__content\">\n\t\t\t\t\t\t<ul class=\"tribe-events-c-subscribe-dropdown__list\">\n\t\t\t\t\t\t\t\t\t\t\t\t\t\t\t<li class=\"tribe-events-c-subscribe-dropdown__list-item tribe-events-c-subscribe-dropdown__list-item--gcal\">\n\t\t\t\t\t\t\t\t\t<a\n\t\t\t\t\t\t\t\t\t\thref=\"https:\/\/www.google.com\/calendar\/event?action=TEMPLATE&#038;dates=20260627T090000\/20260710T160000&#038;text=Les%20%C3%AEles%20Scilly&#038;details=%3Cdiv+class%3D%22wp-block-columns%22%3E%3Cdiv+class%3D%22wp-block-column%22+style%3D%22flex-basis%3A33.33%25%22%3E%3Cp%3E%3Cimg+class%3D%22wp-image-18042%22+style%3D%22width%3A+20px%3B%22+src%3D%22https%3A%2F%2Fvcl.fr%2Fwp-content%2Fuploads%2F2024%2F02%2Fimage.png%22+alt%3D%22%22%2F%3E+Brest%3C%2Fp%3E+%3Cp%3E%3Cimg+class%3D%22wp-image-18043%22+style%3D%22width%3A+20px%3B%22+src%3D%22https%3A%2F%2Fvcl.fr%2Fwp-content%2Fuploads%2F2024%2F02%2Fimage-1.png%22+alt%3D%22%22%2F%3E+Quillard+37+pieds%3C%2Fp%3E+%3Cp%3E%3Cimg+class%3D%22wp-image-18048%22+style%3D%22width%3A+20px%3B%22+src%3D%22https%3A%2F%2Fvcl.fr%2Fwp-content%2Fuploads%2F2024%2F02%2FIcone-Budget.png%22+alt%3D%22%22%2F%3E+840-870+%E2%82%AC%2Fpers.%3Cbr+%2F%3E%3Cem%3EAlimentation+et+trajet+non+compris%3C%2Fem%3E%3C%2Fp%3E+%3Cp%3E%3Cimg+class%3D%22wp-image-18047%22+style%3D%22width%3A+20px%3B%22+src%3D%22https%3A%2F%2Fvcl.fr%2Fwp-content%2Fuploads%2F2024%2F02%2FIcone-Reservation.png%22+alt%3D%22%22%2F%3E+240+%E2%82%AC+d%27acompte+par+personne%3C%2Fp%3E+%3C%2Fdiv%3E%3Cdiv+class%3D%22wp-block-column%22+style%3D%22flex-basis%3A66.66%25%22%3E%3Cdiv+class%3D%22wp-block-group%22%3E%3C%2Fdiv%3E%3C%2Fdiv%3E%3C%2Fdiv%3E%3Cp%3E%C3%89vitez+les+chaleurs+accablantes+du+Sud+et+profitez+de+la+douceur+du+Gulf+Stream+qui+baigne+les+%C3%AEles+Scilly+au+large+des+Cornouailles.+La+so+b%3C%2Fp%3E%28Voir+toute+la+description+de+%C3%A9v%C3%A8nement+ici%C2%A0%3A+https%3A%2F%2Fvcl.fr%2Findex.php%2Factivite%2Fles-iles-scilly%2F%29&#038;location=Brest,%20port%20du%20Moulin%20Blanc,%20Port%20de%20plaisance%20du%20Moulin%20Blanc,%20Brest,%20France,%2029200&#038;trp=false&#038;ctz=Europe\/Paris&#038;sprop=website:https:\/\/vcl.fr\"\n\t\t\t\t\t\t\t\t\t\tclass=\"tribe-events-c-subscribe-dropdown__list-item-link\"\n\t\t\t\t\t\t\t\t\t\ttarget=\"_blank\"\n\t\t\t\t\t\t\t\t\t\trel=\"noopener noreferrer nofollow noindex\"\n\t\t\t\t\t\t\t\t\t>\n\t\t\t\t\t\t\t\t\t\tGoogle Agenda\t\t\t\t\t\t\t\t\t<\/a>\n\t\t\t\t\t\t\t\t<\/li>\n\t\t\t\t\t\t\t\t\t\t\t\t\t\t\t<li class=\"tribe-events-c-subscribe-dropdown__list-item tribe-events-c-subscribe-dropdown__list-item--ical\">\n\t\t\t\t\t\t\t\t\t<a\n\t\t\t\t\t\t\t\t\t\thref=\"\"\n\t\t\t\t\t\t\t\t\t\tclass=\"tribe-events-c-subscribe-dropdown__list-item-link\"\n\t\t\t\t\t\t\t\t\t\ttarget=\"_blank\"\n\t\t\t\t\t\t\t\t\t\trel=\"noopener noreferrer nofollow noindex\"\n\t\t\t\t\t\t\t\t\t>\n\t\t\t\t\t\t\t\t\t\tiCalendar\t\t\t\t\t\t\t\t\t<\/a>\n\t\t\t\t\t\t\t\t<\/li>\n\t\t\t\t\t\t\t\t\t\t\t\t\t\t\t<li class=\"tribe-events-c-subscribe-dropdown__list-item tribe-events-c-subscribe-dropdown__list-item--outlook-365\">\n\t\t\t\t\t\t\t\t\t<a\n\t\t\t\t\t\t\t\t\t\thref=\"\"\n\t\t\t\t\t\t\t\t\t\tclass=\"tribe-events-c-subscribe-dropdown__list-item-link\"\n\t\t\t\t\t\t\t\t\t\ttarget=\"_blank\"\n\t\t\t\t\t\t\t\t\t\trel=\"noopener noreferrer nofollow noindex\"\n\t\t\t\t\t\t\t\t\t>\n\t\t\t\t\t\t\t\t\t\tOutlook 365\t\t\t\t\t\t\t\t\t<\/a>\n\t\t\t\t\t\t\t\t<\/li>\n\t\t\t\t\t\t\t\t\t\t\t\t\t\t\t<li class=\"tribe-events-c-subscribe-dropdown__list-item tribe-events-c-subscribe-dropdown__list-item--outlook-live\">\n\t\t\t\t\t\t\t\t\t<a\n\t\t\t\t\t\t\t\t\t\thref=\"\"\n\t\t\t\t\t\t\t\t\t\tclass=\"tribe-events-c-subscribe-dropdown__list-item-link\"\n\t\t\t\t\t\t\t\t\t\ttarget=\"_blank\"\n\t\t\t\t\t\t\t\t\t\trel=\"noopener noreferrer nofollow noindex\"\n\t\t\t\t\t\t\t\t\t>\n\t\t\t\t\t\t\t\t\t\tOutlook Live\t\t\t\t\t\t\t\t\t<\/a>\n\t\t\t\t\t\t\t\t<\/li>\n\t\t\t\t\t\t\t\t\t\t\t\t\t<\/ul>\n\t\t\t\t\t<\/div>\n\t\t\t\t<\/div>\n\t\t\t<\/div>\n\t\t<\/div>\n\t<\/div>\n\n\n\n<h2 class=\"tribe-block__related-events__title\">\u00c9v\u00e9nements li\u00e9s<\/h2>\n\n<ul  class=\"tribe-related-events tribe-clearfix\" >\n\t\t\t<li>\n\t\n<div class=\"tribe-related-events-thumbnail\">\n\t<a href=\"https:\/\/vcl.fr\/index.php\/activite\/les-iles-egades\/\" class=\"url\" rel=\"bookmark\" tabindex=\"-1\" aria-hidden=\"true\"><img loading=\"lazy\" decoding=\"async\" width=\"736\" height=\"682\" src=\"https:\/\/vcl.fr\/wp-content\/uploads\/2026\/01\/Egades.jpg\" class=\"attachment-large size-large wp-post-image\" alt=\"\" \/><\/a>\n<\/div>\n\t<div class=\"tribe-related-event-info\">\n\t<h3 class=\"tribe-related-events-title\">\n\t\t<a href=\"https:\/\/vcl.fr\/index.php\/activite\/les-iles-egades\/\" class=\"tribe-event-url\" rel=\"bookmark\">\n\t\t\tLes \u00eeles Egades\t\t<\/a>\n\t<\/h3>\n\t<span class=\"tribe-event-date-start\">2 mai @ 16h00<\/span> &#8211; <span class=\"tribe-event-date-end\">9 mai @ 9h00<\/span><\/div>\n<\/li>\n\t\t\t<li>\n\t\n<div class=\"tribe-related-events-thumbnail\">\n\t<a href=\"https:\/\/vcl.fr\/index.php\/activite\/les-iles-de-lerins-au-printemps\/\" class=\"url\" rel=\"bookmark\" tabindex=\"-1\" aria-hidden=\"true\"><img loading=\"lazy\" decoding=\"async\" width=\"840\" height=\"630\" src=\"https:\/\/vcl.fr\/wp-content\/uploads\/2026\/01\/Lerins.jpeg\" class=\"attachment-large size-large wp-post-image\" alt=\"\" \/><\/a>\n<\/div>\n\t<div class=\"tribe-related-event-info\">\n\t<h3 class=\"tribe-related-events-title\">\n\t\t<a href=\"https:\/\/vcl.fr\/index.php\/activite\/les-iles-de-lerins-au-printemps\/\" class=\"tribe-event-url\" rel=\"bookmark\">\n\t\t\tLes \u00eeles de L\u00e9rins au printemps\t\t<\/a>\n\t<\/h3>\n\t<span class=\"tribe-event-date-start\">14 mai @ 9h00<\/span> &#8211; <span class=\"tribe-event-date-end\">17 mai @ 17h00<\/span><\/div>\n<\/li>\n\t\t\t<li>\n\t\n<div class=\"tribe-related-events-thumbnail\">\n\t<a href=\"https:\/\/vcl.fr\/index.php\/activite\/de-la-costa-blanca-vers-ibiza\/\" class=\"url\" rel=\"bookmark\" tabindex=\"-1\" aria-hidden=\"true\"><img loading=\"lazy\" decoding=\"async\" width=\"840\" height=\"560\" src=\"https:\/\/vcl.fr\/wp-content\/uploads\/2026\/01\/Ibiza.jpg\" class=\"attachment-large size-large wp-post-image\" alt=\"\" \/><\/a>\n<\/div>\n\t<div class=\"tribe-related-event-info\">\n\t<h3 class=\"tribe-related-events-title\">\n\t\t<a href=\"https:\/\/vcl.fr\/index.php\/activite\/de-la-costa-blanca-vers-ibiza\/\" class=\"tribe-event-url\" rel=\"bookmark\">\n\t\t\tde la Costa Blanca vers Ibiza\t\t<\/a>\n\t<\/h3>\n\t<span class=\"tribe-event-date-start\">5 juillet @ 11h00<\/span> &#8211; <span class=\"tribe-event-date-end\">11 juillet @ 11h00<\/span><\/div>\n<\/li>\n\t<\/ul>\n\n\n\n<div class=\"wp-block-columns is-layout-flex wp-container-core-columns-is-layout-9d6595d7 wp-block-columns-is-layout-flex\">\n<div class=\"wp-block-column is-layout-flow wp-block-column-is-layout-flow\" style=\"flex-basis:66.66%\"><\/div>\n<\/div>\n\n\n\n<p><\/p>\n","protected":false},"excerpt":{"rendered":"<p>Brest Quillard 37 pieds 840-870 \u20ac\/pers.Alimentation et trajet non compris 240 \u20ac d&rsquo;acompte par personne \u00c9vitez les chaleurs accablantes du Sud et profitez de la douceur du Gulf Stream qui &hellip; <a href=\"https:\/\/vcl.fr\/index.php\/activite\/les-iles-scilly\/\" class=\"more-link\">Continuer la lecture<span class=\"screen-reader-text\"> de &laquo;&nbsp;Les \u00eeles Scilly&nbsp;&raquo;<\/span><\/a><\/p>\n","protected":false},"author":1,"featured_media":20227,"template":"","meta":{"_tec_requires_first_save":false,"_bbp_topic_count":0,"_bbp_reply_count":0,"_bbp_total_topic_count":0,"_bbp_total_reply_count":0,"_bbp_voice_count":0,"_bbp_anonymous_reply_count":0,"_bbp_topic_count_hidden":0,"_bbp_reply_count_hidden":0,"_bbp_forum_subforum_count":0,"_EventAllDay":false,"_EventTimezone":"Europe\/Paris","_EventStartDate":"2026-06-27 09:00:00","_EventEndDate":"2026-07-10 16:00:00","_EventStartDateUTC":"2026-06-27 07:00:00","_EventEndDateUTC":"2026-07-10 14:00:00","_EventShowMap":false,"_EventShowMapLink":false,"_EventURL":"","_EventCost":"240","_EventCostDescription":"","_EventCurrencySymbol":"\u20ac","_EventCurrencyCode":"EUR","_EventCurrencyPosition":"suffix","_EventDateTimeSeparator":" @ ","_EventTimeRangeSeparator":" - ","_EventOrganizerID":[],"_EventVenueID":[18170],"_OrganizerEmail":"","_OrganizerPhone":"","_OrganizerWebsite":"","_VenueAddress":"","_VenueCity":"","_VenueCountry":"","_VenueProvince":"","_VenueState":"","_VenueZip":"","_VenuePhone":"","_VenueURL":"","_VenueStateProvince":"","_VenueLat":"","_VenueLng":"","_VenueShowMap":false,"_VenueShowMapLink":false,"_tribe_blocks_recurrence_rules":"","_tribe_blocks_recurrence_description":"","_tribe_blocks_recurrence_exclusions":"","_tribe_events_status":"","_tribe_events_status_reason":"","_tribe_events_is_hybrid":"","_tribe_events_is_virtual":"","_tribe_events_virtual_video_source":"","_tribe_events_virtual_embed_video":"","_tribe_events_virtual_linked_button_text":"","_tribe_events_virtual_linked_button":"","_tribe_events_virtual_show_embed_at":"","_tribe_events_virtual_show_embed_to":[],"_tribe_events_virtual_show_on_event":"","_tribe_events_virtual_show_on_views":"","_tribe_events_virtual_url":"","footnotes":""},"tags":[13,64,21,70],"tribe_events_cat":[46,44,47,63,42,45],"class_list":["post-20226","tribe_events","type-tribe_events","status-publish","has-post-thumbnail","hentry","tag-bretagne","tag-manche","tag-normandie","tag-voile-habitable","tribe_events_cat-angleterre","tribe_events_cat-bretagne","tribe_events_cat-hauturiere","tribe_events_cat-manche","tribe_events_cat-normandie","tribe_events_cat-habitable","cat_angleterre","cat_bretagne","cat_hauturiere","cat_manche","cat_normandie","cat_habitable"],"_links":{"self":[{"href":"https:\/\/vcl.fr\/index.php\/wp-json\/wp\/v2\/tribe_events\/20226","targetHints":{"allow":["GET"]}}],"collection":[{"href":"https:\/\/vcl.fr\/index.php\/wp-json\/wp\/v2\/tribe_events"}],"about":[{"href":"https:\/\/vcl.fr\/index.php\/wp-json\/wp\/v2\/types\/tribe_events"}],"author":[{"embeddable":true,"href":"https:\/\/vcl.fr\/index.php\/wp-json\/wp\/v2\/users\/1"}],"version-history":[{"count":7,"href":"https:\/\/vcl.fr\/index.php\/wp-json\/wp\/v2\/tribe_events\/20226\/revisions"}],"predecessor-version":[{"id":20300,"href":"https:\/\/vcl.fr\/index.php\/wp-json\/wp\/v2\/tribe_events\/20226\/revisions\/20300"}],"wp:featuredmedia":[{"embeddable":true,"href":"https:\/\/vcl.fr\/index.php\/wp-json\/wp\/v2\/media\/20227"}],"wp:attachment":[{"href":"https:\/\/vcl.fr\/index.php\/wp-json\/wp\/v2\/media?parent=20226"}],"wp:term":[{"taxonomy":"post_tag","embeddable":true,"href":"https:\/\/vcl.fr\/index.php\/wp-json\/wp\/v2\/tags?post=20226"},{"taxonomy":"tribe_events_cat","embeddable":true,"href":"https:\/\/vcl.fr\/index.php\/wp-json\/wp\/v2\/tribe_events_cat?post=20226"}],"curies":[{"name":"wp","href":"https:\/\/api.w.org\/{rel}","templated":true}]}}