{"id":20248,"date":"2026-01-28T08:34:50","date_gmt":"2026-01-28T07:34:50","guid":{"rendered":"https:\/\/vcl.fr\/?post_type=tribe_events&#038;p=20248"},"modified":"2026-01-28T08:37:55","modified_gmt":"2026-01-28T07:37:55","slug":"entrainement-voile-sportive-deriveur","status":"publish","type":"tribe_events","link":"https:\/\/vcl.fr\/index.php\/activite\/entrainement-voile-sportive-deriveur\/","title":{"rendered":"Entra\u00eenement voile sportive &#8211; D\u00e9riveur"},"content":{"rendered":"\n<div class=\"wp-block-columns is-layout-flex wp-container-core-columns-is-layout-9d6595d7 wp-block-columns-is-layout-flex\">\n<div class=\"wp-block-column is-layout-flow wp-block-column-is-layout-flow\" style=\"flex-basis:33.33%\"><div  class=\"tribe-events-schedule tribe-clearfix\" >\n\t<p class=\"tribe-events-schedule__datetime\">\n\t\t<span class=\"tribe-events-schedule__date tribe-events-schedule__date--start\">\n\t\t\t18 avril\t\t<\/span>\n\n\t\t\t\t\t<span class=\"tribe-events-schedule__separator tribe-events-schedule__separator--date\">\n\t\t\t\t @ \t\t\t<\/span>\n\t\t\t<span class=\"tribe-events-schedule__time tribe-events-schedule__time--start\">\n\t\t\t\t9h00\t\t\t<\/span>\n\t\t\n\t\t\t\t\t\t\t\t\t<span class=\"tribe-events-schedule__separator tribe-events-schedule__separator--time\">\n\t\t\t\t\t &#8211; \t\t\t\t<\/span>\n\t\t\t\n\t\t\t\t\t\t\t<span class=\"tribe-events-schedule__date tribe-events-schedule__date--end\">\n\t\t\t\t\t19 avril\t\t\t\t<\/span>\n\n\t\t\t\t\t\t\t\t\t<span class=\"tribe-events-schedule__separator tribe-events-schedule__separator--date\">\n\t\t\t\t\t\t @ \t\t\t\t\t<\/span>\n\t\t\t\t\t<span class=\"tribe-events-schedule__time tribe-events-schedule__time--end\">\n\t\t\t\t\t\t16h00\t\t\t\t\t<\/span>\n\t\t\t\t\n\t\t\t\n\t\t\t\t\t\t<\/p>\n<\/div>\n\n\n\n<p><img decoding=\"async\" style=\"width: 20px;\" src=\"https:\/\/vcl.fr\/wp-content\/uploads\/2024\/02\/image.png\" alt=\"\">\u00a0Le Tr\u00e9port<\/p>\n\n\n\n<p><img decoding=\"async\" style=\"width: 20px;\" src=\"https:\/\/vcl.fr\/wp-content\/uploads\/2024\/02\/image-1.png\" alt=\"\">&nbsp;Ludic<\/p>\n\n\n\n<p><img decoding=\"async\" style=\"width: 20px;\" src=\"https:\/\/vcl.fr\/wp-content\/uploads\/2024\/02\/Icone-Budget.png\" alt=\"\">&nbsp;environ 250 \u20ac\/pers.<br><em>Alimentation et trajet compris<\/em><\/p>\n\n\n\n<p><img decoding=\"async\" style=\"width: 20px;\" src=\"https:\/\/vcl.fr\/wp-content\/uploads\/2024\/02\/Icone-Reservation.png\" alt=\"\">&nbsp;150 \u20ac d\u2019acompte par personne<\/p>\n<\/div>\n\n\n\n<div class=\"wp-block-column is-layout-flow wp-block-column-is-layout-flow\" style=\"flex-basis:66.66%\"><figure class=\"wp-block-post-featured-image\"><img fetchpriority=\"high\" decoding=\"async\" width=\"823\" height=\"459\" src=\"https:\/\/vcl.fr\/wp-content\/uploads\/2026\/01\/Schermata-2026-01-27-alle-22.15.57.png\" class=\"attachment-post-thumbnail size-post-thumbnail wp-post-image\" alt=\"\" style=\"object-fit:cover;\" srcset=\"https:\/\/vcl.fr\/wp-content\/uploads\/2026\/01\/Schermata-2026-01-27-alle-22.15.57.png 823w, https:\/\/vcl.fr\/wp-content\/uploads\/2026\/01\/Schermata-2026-01-27-alle-22.15.57-300x167.png 300w, https:\/\/vcl.fr\/wp-content\/uploads\/2026\/01\/Schermata-2026-01-27-alle-22.15.57-768x428.png 768w\" sizes=\"(max-width: 709px) 85vw, (max-width: 909px) 67vw, (max-width: 984px) 60vw, (max-width: 1362px) 62vw, 840px\" \/><\/figure><\/div>\n<\/div>\n\n\n\n<p><strong>Week-end d\u2019entra\u00eenement sportif en d\u00e9riveur pour affiner la technique et des sensations<\/strong><\/p>\n\n\n\n<p>L\u2019id\u00e9e de cette activit\u00e9 est simple :&nbsp;passer un week-end entier \u00e0 s\u2019entra\u00eener en d\u00e9riveur&nbsp;pour progresser techniquement&nbsp;et gagner en finesse de pilotage et  navigation. Le d\u00e9riveur est un support ultra formateur, qui offre&nbsp;un retour direct et sans filtre du bateau&nbsp;sur tout ce que l\u2019on fait (r\u00e9glages des voiles, mouvements de barre, d\u00e9placements et coordination des poids \u00e0 bord). Chaque action (ou erreur \ud83d\ude05) se ressent imm\u00e9diatement.<\/p>\n\n\n\n<p>L\u2019activit\u00e9 se d\u00e9roulera au\u00a0<strong>Centre Nautique du Tr\u00e9port<\/strong>, sur des d\u00e9riveurs <strong>Ludic<\/strong>, bateaux de 6,6 m de longueur, avec une surface de voile de 15 m\u00b2 et un spi asym\u00e9trique de 17 m\u00b2.<\/p>\n\n\n\n<p><strong>Un programme sportif et engag\u00e9<\/strong> : 5h de navigation pr\u00e9vues le samedi et 3h le dimanche, avec des exercices cibl\u00e9s, des man\u0153uvres r\u00e9p\u00e9t\u00e9es, quelques manches en r\u00e9gate,&#8230; Le tout pour comprendre\u00a0<em>pourquoi<\/em>\u00a0\u00e7a marche\u2026 ou pas.<\/p>\n\n\n\n<p>Les modalit\u00e9s :<br>&#8211; \u00eatre \u00e0 jour de sa cotisation VCL<br>&#8211; avoir\u00a0d\u00e9j\u00e0 une exp\u00e9rience en voile, id\u00e9alement en d\u00e9riveur (man\u0153uvres de base acquises).<br>&#8211; \u00eatre motiv\u00e9 par une\u00a0d\u00e9marche d\u2019entra\u00eenement avec rythme soutenu <br>&#8211; bonne condition physique pour efforts r\u00e9p\u00e9t\u00e9s (rappels, d\u00e9placements rapides, man\u0153uvres au spi).<\/p>\n\n\n\n<p>Budget d&rsquo;environ 250 \u20ac par personne (transport, h\u00f4tel, bateau), h\u00e9bergement \u00e0 l&rsquo;h\u00f4tel ou en AirBnB.<br>Licence FFVoile obligatoire. Pour les non-licenci\u00e9s, licence temporaire \u00e0 34 \u20ac ou licence annuelle \u00e0 68 \u20ac. <em>Pour rappel, l\u2019AG a vot\u00e9 le remboursement de 35 \u20ac pour tout.e adh\u00e9rent.e prenant une licence annuelle dans le cadre des activit\u00e9s de VCL.<\/em><br>D\u00e9part le vendredi soir, organisation de covoiturages (train possible le vendredi soir mais difficile le retour dimanche).<br>Pr\u00e9voir une tenue ad\u00e9quate selon la m\u00e9t\u00e9o + gants de voile et chaussures ferm\u00e9es.<\/p>\n\n\n\n<div class=\"wp-block-columns is-layout-flex wp-container-core-columns-is-layout-9d6595d7 wp-block-columns-is-layout-flex\">\n<div class=\"wp-block-column is-layout-flow wp-block-column-is-layout-flow\" style=\"flex-basis:33.33%\">\n<h3 class=\"wp-block-heading\">Acompte<\/h3>\n\n\n<div  class=\"tribe-block tribe-block__event-price\" >\n\t\t\t<span class=\"tribe-block__event-price__cost\"> 150\u20ac <\/span>\n\t\t\t\t<span class=\"tribe-block__event-price__description\">minimum par personne<\/span>\n\t<\/div>\n<\/div>\n\n\n\n<div class=\"wp-block-column is-vertically-aligned-center is-layout-flow wp-block-column-is-layout-flow\" style=\"flex-basis:66.66%\">\n<p><strong>Plus d\u2019infos ?<\/strong><br>Contacte Pietro \u00e0 <a href=\"mailto:voile-legere@vcl.fr\">voile-legere@vcl.fr<\/a><\/p>\n<\/div>\n<\/div>\n\n\n\n<div class=\"wp-block-group\"><div class=\"wp-block-group__inner-container is-layout-constrained wp-block-group-is-layout-constrained\">\n<div class=\"wp-block-columns is-layout-flex wp-container-core-columns-is-layout-9d6595d7 wp-block-columns-is-layout-flex\">\n<div class=\"wp-block-column is-layout-flow wp-block-column-is-layout-flow\" style=\"flex-basis:33.33%\">\n<\/div>\n\n\n\n<div class=\"wp-block-column is-layout-flow wp-block-column-is-layout-flow\" style=\"flex-basis:66.66%\"><div  class=\"tribe-block tribe-block__venue tribe-clearfix tribe-block__venue--has-map\" >\n\t\n\t\n<div class=\"tribe-block__venue__meta\">\n\t<div class=\"tribe-block__venue__name\">\n\t\t<h3><a href=\"https:\/\/vcl.fr\/index.php\/lieu\/centre-nautique-du-treport\/\" title=\"Centre Nautique du Tr\u00e9port\">Centre Nautique du Tr\u00e9port<\/a><\/h3>\n\t<\/div>\n\n\t\n\t\t\t\t\t\t<address class=\"tribe-block__venue__address\">\n\t\t\t\t<span class=\"tribe-address\">\n\n<span class=\"tribe-street-address\">8 Rue Albert Cauet<\/span>\n\t\n\t\t<br>\n\t\t<span class=\"tribe-locality\">Le Treport<\/span><span class=\"tribe-delimiter\">,<\/span>\n\n\n\t<span class=\"tribe-postal-code\">76470<\/span>\n\n\t<span class=\"tribe-country-name\">France<\/span>\n\n<\/span>\n\n\t\t\t\t\t\t\t\t\t<a class=\"tribe-events-gmap\" href=\"https:\/\/maps.google.com\/maps?f=q&#038;source=s_q&#038;hl=en&#038;geocode=&#038;q=8+Rue+Albert+Cauet+Le+Treport+76470+France\" title=\"Cliquez pour voir une carte Google Map\" target=\"_blank\" rel=\"noreferrer noopener\">+ Google Map<\/a>\t\t\t\t\t\t\t<\/address>\n\t\t\n\t\t\n\t\t\t\n\t<\/div>\n\t\n<div class=\"tribe-block__venue__map\">\n\t\n<iframe\n  title=\"L\u2018iframe Google maps affichant l\u2019adresse \u00e0 Centre Nautique du Tr\u00e9port\"\n  aria-label=\"Plan des lieux\"\n  width=\"310px\"\n  height=\"256px\"\n  frameborder=\"0\" style=\"border:0\"\n  src=\"https:\/\/www.google.com\/maps\/embed\/v1\/place?key=AIzaSyDNsicAsP6-VuGtAb1O9riI3oc_NOb7IOU&#038;q=8+Rue+Albert+Cauet+Le+Treport+76470+France+&#038;zoom=7\" allowfullscreen>\n<\/iframe>\n<\/div>\n\n\t<\/div>\n<\/div>\n<\/div>\n<\/div><\/div>\n\n\n\n<div class=\"wp-block-columns is-layout-flex wp-container-core-columns-is-layout-9d6595d7 wp-block-columns-is-layout-flex\">\n<div class=\"wp-block-column is-layout-flow wp-block-column-is-layout-flow\"><\/div>\n\n\n\n<div class=\"wp-block-column is-layout-flow wp-block-column-is-layout-flow\"><\/div>\n<\/div>\n\n\n<h2 class=\"tribe-block__related-events__title\">\u00c9v\u00e9nements li\u00e9s<\/h2>\n\n<ul  class=\"tribe-related-events tribe-clearfix\" >\n\t\t\t<li>\n\t\n<div class=\"tribe-related-events-thumbnail\">\n\t<a href=\"https:\/\/vcl.fr\/index.php\/activite\/entrainement-voile-sportive-comet-21\/\" class=\"url\" rel=\"bookmark\" tabindex=\"-1\" aria-hidden=\"true\"><img decoding=\"async\" width=\"840\" height=\"558\" src=\"https:\/\/vcl.fr\/wp-content\/uploads\/2026\/02\/COMET-21.jpg\" class=\"attachment-large size-large wp-post-image\" alt=\"\" \/><\/a>\n<\/div>\n\t<div class=\"tribe-related-event-info\">\n\t<h3 class=\"tribe-related-events-title\">\n\t\t<a href=\"https:\/\/vcl.fr\/index.php\/activite\/entrainement-voile-sportive-comet-21\/\" class=\"tribe-event-url\" rel=\"bookmark\">\n\t\t\tEntra\u00eenement voile sportive &#8211; Comet 21\t\t<\/a>\n\t<\/h3>\n\t<span class=\"tribe-event-date-start\">8 mai @ 14h00<\/span> &#8211; <span class=\"tribe-event-date-end\">10 mai @ 13h00<\/span><\/div>\n<\/li>\n\t\t\t<li>\n\t\n<div class=\"tribe-related-events-thumbnail\">\n\t<a href=\"https:\/\/vcl.fr\/index.php\/activite\/entrainement-voile-sportive-comet-21-2\/\" class=\"url\" rel=\"bookmark\" tabindex=\"-1\" aria-hidden=\"true\"><img decoding=\"async\" width=\"840\" height=\"558\" src=\"https:\/\/vcl.fr\/wp-content\/uploads\/2026\/02\/COMET-21.jpg\" class=\"attachment-large size-large wp-post-image\" alt=\"\" \/><\/a>\n<\/div>\n\t<div class=\"tribe-related-event-info\">\n\t<h3 class=\"tribe-related-events-title\">\n\t\t<a href=\"https:\/\/vcl.fr\/index.php\/activite\/entrainement-voile-sportive-comet-21-2\/\" class=\"tribe-event-url\" rel=\"bookmark\">\n\t\t\tEntra\u00eenement voile sportive &#8211; Comet 21\t\t<\/a>\n\t<\/h3>\n\t<span class=\"tribe-event-date-start\">23 mai @ 14h00<\/span> &#8211; <span class=\"tribe-event-date-end\">25 mai @ 15h00<\/span><\/div>\n<\/li>\n\t\t\t<li>\n\t\n<div class=\"tribe-related-events-thumbnail\">\n\t<a href=\"https:\/\/vcl.fr\/index.php\/activite\/les-iles-scilly\/\" class=\"url\" rel=\"bookmark\" tabindex=\"-1\" aria-hidden=\"true\"><img decoding=\"async\" width=\"393\" height=\"300\" src=\"https:\/\/vcl.fr\/wp-content\/uploads\/2026\/01\/Scilly1.jpeg\" class=\"attachment-large size-large wp-post-image\" alt=\"\" \/><\/a>\n<\/div>\n\t<div class=\"tribe-related-event-info\">\n\t<h3 class=\"tribe-related-events-title\">\n\t\t<a href=\"https:\/\/vcl.fr\/index.php\/activite\/les-iles-scilly\/\" class=\"tribe-event-url\" rel=\"bookmark\">\n\t\t\tLes \u00eeles Scilly\t\t<\/a>\n\t<\/h3>\n\t<span class=\"tribe-event-date-start\">27 juin @ 9h00<\/span> &#8211; <span class=\"tribe-event-date-end\">10 juillet @ 16h00<\/span><\/div>\n<\/li>\n\t<\/ul>\n\n\n\n<p><\/p>\n","protected":false},"excerpt":{"rendered":"<p>\u00a0Le Tr\u00e9port &nbsp;Ludic &nbsp;environ 250 \u20ac\/pers.Alimentation et trajet compris &nbsp;150 \u20ac d\u2019acompte par personne Week-end d\u2019entra\u00eenement sportif en d\u00e9riveur pour affiner la technique et des sensations L\u2019id\u00e9e de cette activit\u00e9 &hellip; <a href=\"https:\/\/vcl.fr\/index.php\/activite\/entrainement-voile-sportive-deriveur\/\" class=\"more-link\">Continuer la lecture<span class=\"screen-reader-text\"> de &laquo;&nbsp;Entra\u00eenement voile sportive &#8211; D\u00e9riveur&nbsp;&raquo;<\/span><\/a><\/p>\n","protected":false},"author":44,"featured_media":20249,"template":"","meta":{"_tec_requires_first_save":false,"_bbp_topic_count":0,"_bbp_reply_count":0,"_bbp_total_topic_count":0,"_bbp_total_reply_count":0,"_bbp_voice_count":0,"_bbp_anonymous_reply_count":0,"_bbp_topic_count_hidden":0,"_bbp_reply_count_hidden":0,"_bbp_forum_subforum_count":0,"_EventAllDay":false,"_EventTimezone":"Europe\/Paris","_EventStartDate":"2026-04-18 09:00:00","_EventEndDate":"2026-04-19 16:00:00","_EventStartDateUTC":"2026-04-18 07:00:00","_EventEndDateUTC":"2026-04-19 14:00:00","_EventShowMap":true,"_EventShowMapLink":true,"_EventURL":"","_EventCost":"150","_EventCostDescription":"","_EventCurrencySymbol":"\u20ac","_EventCurrencyCode":"EUR","_EventCurrencyPosition":"suffix","_EventDateTimeSeparator":" @ ","_EventTimeRangeSeparator":" - ","_EventOrganizerID":[],"_EventVenueID":[20252],"_OrganizerEmail":"","_OrganizerPhone":"","_OrganizerWebsite":"","_VenueAddress":"","_VenueCity":"","_VenueCountry":"","_VenueProvince":"","_VenueState":"","_VenueZip":"","_VenuePhone":"","_VenueURL":"","_VenueStateProvince":"","_VenueLat":"","_VenueLng":"","_VenueShowMap":false,"_VenueShowMapLink":false,"_tribe_blocks_recurrence_rules":"","_tribe_blocks_recurrence_description":"","_tribe_blocks_recurrence_exclusions":"","_tribe_events_status":"","_tribe_events_status_reason":"","_tribe_events_is_hybrid":"","_tribe_events_is_virtual":"","_tribe_events_virtual_video_source":"","_tribe_events_virtual_embed_video":"","_tribe_events_virtual_linked_button_text":"","_tribe_events_virtual_linked_button":"","_tribe_events_virtual_show_embed_at":"","_tribe_events_virtual_show_embed_to":[],"_tribe_events_virtual_show_on_event":"","_tribe_events_virtual_show_on_views":"","_tribe_events_virtual_url":"","footnotes":""},"tags":[64,21,107,106],"tribe_events_cat":[41,63,42,54,71],"class_list":["post-20248","tribe_events","type-tribe_events","status-publish","has-post-thumbnail","hentry","tag-manche","tag-normandie","tag-voile-legere","tag-voile-sportive","tribe_events_cat-entrainement","tribe_events_cat-manche","tribe_events_cat-normandie","tribe_events_cat-voile-legere","tribe_events_cat-voile-sportive","cat_entrainement","cat_manche","cat_normandie","cat_voile-legere","cat_voile-sportive"],"_links":{"self":[{"href":"https:\/\/vcl.fr\/index.php\/wp-json\/wp\/v2\/tribe_events\/20248","targetHints":{"allow":["GET"]}}],"collection":[{"href":"https:\/\/vcl.fr\/index.php\/wp-json\/wp\/v2\/tribe_events"}],"about":[{"href":"https:\/\/vcl.fr\/index.php\/wp-json\/wp\/v2\/types\/tribe_events"}],"author":[{"embeddable":true,"href":"https:\/\/vcl.fr\/index.php\/wp-json\/wp\/v2\/users\/44"}],"version-history":[{"count":6,"href":"https:\/\/vcl.fr\/index.php\/wp-json\/wp\/v2\/tribe_events\/20248\/revisions"}],"predecessor-version":[{"id":20264,"href":"https:\/\/vcl.fr\/index.php\/wp-json\/wp\/v2\/tribe_events\/20248\/revisions\/20264"}],"wp:featuredmedia":[{"embeddable":true,"href":"https:\/\/vcl.fr\/index.php\/wp-json\/wp\/v2\/media\/20249"}],"wp:attachment":[{"href":"https:\/\/vcl.fr\/index.php\/wp-json\/wp\/v2\/media?parent=20248"}],"wp:term":[{"taxonomy":"post_tag","embeddable":true,"href":"https:\/\/vcl.fr\/index.php\/wp-json\/wp\/v2\/tags?post=20248"},{"taxonomy":"tribe_events_cat","embeddable":true,"href":"https:\/\/vcl.fr\/index.php\/wp-json\/wp\/v2\/tribe_events_cat?post=20248"}],"curies":[{"name":"wp","href":"https:\/\/api.w.org\/{rel}","templated":true}]}}